{"id":4650,"date":"2024-01-30T14:32:02","date_gmt":"2024-01-30T14:32:02","guid":{"rendered":"https:\/\/cambionet.usts.fr\/paginal-principal-cambionet\/"},"modified":"2024-02-28T16:28:21","modified_gmt":"2024-02-28T16:28:21","slug":"paginal-principal-cambionet","status":"publish","type":"page","link":"https:\/\/cambionet.usts.fr\/es\/","title":{"rendered":"Paginal Principal &#8211; Cambionet"},"content":{"rendered":"\t\t<div data-elementor-type=\"wp-page\" data-elementor-id=\"4650\" class=\"elementor elementor-4650 elementor-4256\" data-elementor-post-type=\"page\">\n\t\t\t\t<div class=\"elementor-element elementor-element-9ea621d e-con-full e-flex e-con e-parent\" data-id=\"9ea621d\" data-element_type=\"container\" data-e-type=\"container\" data-settings=\"{&quot;background_background&quot;:&quot;classic&quot;}\">\n\t\t\t\t<div class=\"elementor-element elementor-element-598c84e elementor-widget elementor-widget-heading\" data-id=\"598c84e\" data-element_type=\"widget\" data-e-type=\"widget\" data-widget_type=\"heading.default\">\n\t\t\t\t<div class=\"elementor-widget-container\">\n\t\t\t\t\t<h2 class=\"elementor-heading-title elementor-size-default\"><span style=\"font-size:35px;font-weight:700\">CAMBIONET<\/span><br>\n<br>La bioeconom\u00eda al servicio de la modernizaci\u00f3n sostenible del sector agr\u00edcola y alimentario <br>por la valorizaci\u00f3n de la biomasa en la Cuenca del Caribe\/Amazon\u00eda.<\/h2>\t\t\t\t<\/div>\n\t\t\t\t<\/div>\n\t\t\t\t<div class=\"elementor-element elementor-element-804293c elementor-widget elementor-widget-image\" data-id=\"804293c\" data-element_type=\"widget\" data-e-type=\"widget\" data-widget_type=\"image.default\">\n\t\t\t\t<div class=\"elementor-widget-container\">\n\t\t\t\t\t\t\t\t\t\t\t\t\t\t\t<img decoding=\"async\" width=\"297\" height=\"64\" src=\"https:\/\/cambionet.usts.fr\/wp-content\/uploads\/2023\/11\/finance-par-europe.svg\" class=\"attachment-large size-large wp-image-1273\" alt=\"\" \/>\t\t\t\t\t\t\t\t\t\t\t\t\t\t\t<\/div>\n\t\t\t\t<\/div>\n\t\t\t\t<\/div>\n\t\t<div class=\"elementor-element elementor-element-d75efab e-flex e-con-boxed e-con e-parent\" data-id=\"d75efab\" data-element_type=\"container\" data-e-type=\"container\">\n\t\t\t\t\t<div class=\"e-con-inner\">\n\t\t<div class=\"elementor-element elementor-element-fdd9479 e-con-full e-flex e-con e-child\" data-id=\"fdd9479\" data-element_type=\"container\" data-e-type=\"container\">\n\t\t\t\t<div class=\"elementor-element elementor-element-bac88fc elementor-widget__width-initial elementor-widget-mobile__width-initial elementor-widget elementor-widget-image\" data-id=\"bac88fc\" data-element_type=\"widget\" data-e-type=\"widget\" data-widget_type=\"image.default\">\n\t\t\t\t<div class=\"elementor-widget-container\">\n\t\t\t\t\t\t\t\t\t\t\t\t\t\t\t<img fetchpriority=\"high\" decoding=\"async\" width=\"683\" height=\"935\" src=\"https:\/\/cambionet.usts.fr\/wp-content\/uploads\/2023\/10\/cambionet-bioeconomie-caraibes-antilles-amazonie.png\" class=\"attachment-full size-full wp-image-65\" alt=\"cambionet bioeconomie caraibes antilles amazonie\" srcset=\"https:\/\/cambionet.usts.fr\/wp-content\/uploads\/2023\/10\/cambionet-bioeconomie-caraibes-antilles-amazonie.png 683w, https:\/\/cambionet.usts.fr\/wp-content\/uploads\/2023\/10\/cambionet-bioeconomie-caraibes-antilles-amazonie-219x300.png 219w\" sizes=\"(max-width: 683px) 100vw, 683px\" \/>\t\t\t\t\t\t\t\t\t\t\t\t\t\t\t<\/div>\n\t\t\t\t<\/div>\n\t\t<div class=\"elementor-element elementor-element-50fc55a e-con-full e-flex e-con e-child\" data-id=\"50fc55a\" data-element_type=\"container\" data-e-type=\"container\">\n\t\t\t\t<div class=\"elementor-element elementor-element-518b3d9 elementor-widget elementor-widget-image\" data-id=\"518b3d9\" data-element_type=\"widget\" data-e-type=\"widget\" data-widget_type=\"image.default\">\n\t\t\t\t<div class=\"elementor-widget-container\">\n\t\t\t\t\t\t\t\t\t\t\t\t\t\t\t<img decoding=\"async\" width=\"50\" height=\"37\" src=\"https:\/\/cambionet.usts.fr\/wp-content\/uploads\/2023\/10\/quote.png\" class=\"attachment-large size-large wp-image-68\" alt=\"\" \/>\t\t\t\t\t\t\t\t\t\t\t\t\t\t\t<\/div>\n\t\t\t\t<\/div>\n\t\t\t\t<div class=\"elementor-element elementor-element-9f1325b elementor-widget elementor-widget-text-editor\" data-id=\"9f1325b\" data-element_type=\"widget\" data-e-type=\"widget\" data-widget_type=\"text-editor.default\">\n\t\t\t\t<div class=\"elementor-widget-container\">\n\t\t\t\t\t\t\t\t\t<p>INTERREG CambioNet es un proyecto de 6 millones de euros cofinanciado por el Programa Interreg V Caribe en el marco del Fondo Europeo de Desarrollo Regional (FEDER), el Fondo Europeo para el Desarrollo (FED) y el Programa de las Naciones Unidas para el Desarrollo (PNUD). El objetivo principal del proyecto es acelerar la modernizaci\u00f3n bioecon\u00f3mica de la agricultura en el Caribe\/Amazon\u00eda, proporcionando a las peque\u00f1as explotaciones agr\u00edcolas soluciones concretas e innovadoras para abordar tres desaf\u00edos principales: la soberan\u00eda alimentaria, la transici\u00f3n ecol\u00f3gica y el cambio clim\u00e1tico, as\u00ed como la preservaci\u00f3n de la biodiversidad. <\/p>\n<p>Este proyecto tiene como objetivo promover la bioeconom\u00eda en la regi\u00f3n del Caribe\/Amazon\u00eda, apoy\u00e1ndose en la agricultura a peque\u00f1a escala y biodiversa como un elemento estrat\u00e9gico para abordar los desaf\u00edos ambientales, econ\u00f3micos y sociales de la regi\u00f3n. [&#8230;] <\/p>\n\t\t\t\t\t\t\t\t<\/div>\n\t\t\t\t<\/div>\n\t\t\t\t<div class=\"elementor-element elementor-element-0037580 elementor-widget elementor-widget-image\" data-id=\"0037580\" data-element_type=\"widget\" data-e-type=\"widget\" data-widget_type=\"image.default\">\n\t\t\t\t<div class=\"elementor-widget-container\">\n\t\t\t\t\t\t\t\t\t\t\t\t\t\t\t<img loading=\"lazy\" decoding=\"async\" width=\"50\" height=\"37\" src=\"https:\/\/cambionet.usts.fr\/wp-content\/uploads\/2023\/10\/quote02.png\" class=\"attachment-large size-large wp-image-67\" alt=\"\" \/>\t\t\t\t\t\t\t\t\t\t\t\t\t\t\t<\/div>\n\t\t\t\t<\/div>\n\t\t\t\t<div class=\"elementor-element elementor-element-c885ee6 elementor-widget elementor-widget-text-editor\" data-id=\"c885ee6\" data-element_type=\"widget\" data-e-type=\"widget\" data-widget_type=\"text-editor.default\">\n\t\t\t\t<div class=\"elementor-widget-container\">\n\t\t\t\t\t\t\t\t\t<p><span style=\"text-decoration: underline;\"><a href=\"https:\/\/cambionet.usts.fr\/qui-sommes-nous\/\">Ver +<\/a><\/span><\/p>\n\t\t\t\t\t\t\t\t<\/div>\n\t\t\t\t<\/div>\n\t\t\t\t<\/div>\n\t\t\t\t<\/div>\n\t\t\t\t\t<\/div>\n\t\t\t\t<\/div>\n\t\t<div class=\"elementor-element elementor-element-93a440c e-con-full e-flex e-con e-parent\" data-id=\"93a440c\" data-element_type=\"container\" data-e-type=\"container\">\n\t\t<div class=\"elementor-element elementor-element-1fd8aa6 e-con-full e-flex e-con e-child\" data-id=\"1fd8aa6\" data-element_type=\"container\" data-e-type=\"container\" data-settings=\"{&quot;background_background&quot;:&quot;classic&quot;}\">\n\t\t\t\t<div class=\"elementor-element elementor-element-c896903 elementor-widget elementor-widget-text-editor\" data-id=\"c896903\" data-element_type=\"widget\" data-e-type=\"widget\" data-widget_type=\"text-editor.default\">\n\t\t\t\t<div class=\"elementor-widget-container\">\n\t\t\t\t\t\t\t\t\t<h3 style=\"text-align: center;\"><a href=\"https:\/\/cambionet.usts.fr\/es\/living-labs\/\"> <strong><span style=\"color: #ffffff; font-size: 23px;\"> LIVING <\/span><\/strong><strong><span style=\"color: #ffffff; font-size: 23px;\"><br \/>LABS<\/span><\/strong><\/a><\/h3>\n\t\t\t\t\t\t\t\t<\/div>\n\t\t\t\t<\/div>\n\t\t\t\t<div class=\"elementor-element elementor-element-8391714 elementor-view-default elementor-widget elementor-widget-icon\" data-id=\"8391714\" data-element_type=\"widget\" data-e-type=\"widget\" data-widget_type=\"icon.default\">\n\t\t\t\t<div class=\"elementor-widget-container\">\n\t\t\t\t\t\t\t<div class=\"elementor-icon-wrapper\">\n\t\t\t<a class=\"elementor-icon\" href=\"https:\/\/cambionet.usts.fr\/es\/living-labs\/\">\n\t\t\t<svg xmlns=\"http:\/\/www.w3.org\/2000\/svg\" width=\"31.3\" height=\"15.161\" viewBox=\"0 0 31.3 15.161\"><g id=\"right-arrow\" transform=\"translate(0 -132)\"><g id=\"Groupe_265\" data-name=\"Groupe 265\" transform=\"translate(0 132)\"><path id=\"Trac&#xE9;_2552\" data-name=\"Trac&#xE9; 2552\" d=\"M30.942,138.715h0l-6.389-6.358a1.223,1.223,0,0,0-1.725,1.733l4.289,4.269H1.223a1.223,1.223,0,0,0,0,2.445H27.116l-4.289,4.269a1.223,1.223,0,0,0,1.725,1.733l6.389-6.358h0A1.224,1.224,0,0,0,30.942,138.715Z\" transform=\"translate(0 -132)\" fill=\"#fff\"><\/path><\/g><\/g><\/svg>\t\t\t<\/a>\n\t\t<\/div>\n\t\t\t\t\t\t<\/div>\n\t\t\t\t<\/div>\n\t\t\t\t<\/div>\n\t\t<div class=\"elementor-element elementor-element-668d9e0 e-con-full e-flex e-con e-child\" data-id=\"668d9e0\" data-element_type=\"container\" data-e-type=\"container\" data-settings=\"{&quot;background_background&quot;:&quot;classic&quot;}\">\n\t\t\t\t<div class=\"elementor-element elementor-element-ff4b2fa elementor-widget elementor-widget-text-editor\" data-id=\"ff4b2fa\" data-element_type=\"widget\" data-e-type=\"widget\" data-widget_type=\"text-editor.default\">\n\t\t\t\t<div class=\"elementor-widget-container\">\n\t\t\t\t\t\t\t\t\t<h3 style=\"text-align: center;\"><a href=\"https:\/\/cambionet.usts.fr\/es\/reuniones-comop\/\"><strong><span style=\"color: #ffffff; font-size: 23px;\">REUNI\u00d3<br>\nCOMOP<\/span><\/strong><\/a><\/h3>\t\t\t\t\t\t\t\t<\/div>\n\t\t\t\t<\/div>\n\t\t\t\t<div class=\"elementor-element elementor-element-d45a953 elementor-view-default elementor-widget elementor-widget-icon\" data-id=\"d45a953\" data-element_type=\"widget\" data-e-type=\"widget\" data-widget_type=\"icon.default\">\n\t\t\t\t<div class=\"elementor-widget-container\">\n\t\t\t\t\t\t\t<div class=\"elementor-icon-wrapper\">\n\t\t\t<a class=\"elementor-icon\" href=\"https:\/\/cambionet.usts.fr\/es\/reuniones-comop\/\">\n\t\t\t<svg xmlns=\"http:\/\/www.w3.org\/2000\/svg\" width=\"31.3\" height=\"15.161\" viewBox=\"0 0 31.3 15.161\"><g id=\"right-arrow\" transform=\"translate(0 -132)\"><g id=\"Groupe_265\" data-name=\"Groupe 265\" transform=\"translate(0 132)\"><path id=\"Trac&#xE9;_2552\" data-name=\"Trac&#xE9; 2552\" d=\"M30.942,138.715h0l-6.389-6.358a1.223,1.223,0,0,0-1.725,1.733l4.289,4.269H1.223a1.223,1.223,0,0,0,0,2.445H27.116l-4.289,4.269a1.223,1.223,0,0,0,1.725,1.733l6.389-6.358h0A1.224,1.224,0,0,0,30.942,138.715Z\" transform=\"translate(0 -132)\" fill=\"#fff\"><\/path><\/g><\/g><\/svg>\t\t\t<\/a>\n\t\t<\/div>\n\t\t\t\t\t\t<\/div>\n\t\t\t\t<\/div>\n\t\t\t\t<\/div>\n\t\t<div class=\"elementor-element elementor-element-fd9ab12 e-con-full e-flex e-con e-child\" data-id=\"fd9ab12\" data-element_type=\"container\" data-e-type=\"container\" data-settings=\"{&quot;background_background&quot;:&quot;classic&quot;}\">\n\t\t\t\t<div class=\"elementor-element elementor-element-1c070df elementor-view-default elementor-widget elementor-widget-icon\" data-id=\"1c070df\" data-element_type=\"widget\" data-e-type=\"widget\" data-widget_type=\"icon.default\">\n\t\t\t\t<div class=\"elementor-widget-container\">\n\t\t\t\t\t\t\t<div class=\"elementor-icon-wrapper\">\n\t\t\t<a class=\"elementor-icon\" href=\"https:\/\/cambionet.usts.fr\/es\/panorama-de-las-politicas-publicas\/\">\n\t\t\t<svg xmlns=\"http:\/\/www.w3.org\/2000\/svg\" width=\"31.3\" height=\"15.161\" viewBox=\"0 0 31.3 15.161\"><g id=\"right-arrow\" transform=\"translate(0 -132)\"><g id=\"Groupe_265\" data-name=\"Groupe 265\" transform=\"translate(0 132)\"><path id=\"Trac&#xE9;_2552\" data-name=\"Trac&#xE9; 2552\" d=\"M30.942,138.715h0l-6.389-6.358a1.223,1.223,0,0,0-1.725,1.733l4.289,4.269H1.223a1.223,1.223,0,0,0,0,2.445H27.116l-4.289,4.269a1.223,1.223,0,0,0,1.725,1.733l6.389-6.358h0A1.224,1.224,0,0,0,30.942,138.715Z\" transform=\"translate(0 -132)\" fill=\"#fff\"><\/path><\/g><\/g><\/svg>\t\t\t<\/a>\n\t\t<\/div>\n\t\t\t\t\t\t<\/div>\n\t\t\t\t<\/div>\n\t\t\t\t<div class=\"elementor-element elementor-element-d87e71a elementor-widget elementor-widget-text-editor\" data-id=\"d87e71a\" data-element_type=\"widget\" data-e-type=\"widget\" data-widget_type=\"text-editor.default\">\n\t\t\t\t<div class=\"elementor-widget-container\">\n\t\t\t\t\t\t\t\t\t<p style=\"text-align: center;\"><span style=\"color: #ffffff;\"><a style=\"color: #ffffff;\" href=\"https:\/\/cambionet.usts.fr\/es\/panorama-de-las-politicas-publicas\/\">POL\u00cdTICAS<\/a><\/span><br \/><span style=\"color: #ffffff;\">P\u00daBLICO<\/span><\/p>\n\t\t\t\t\t\t\t\t<\/div>\n\t\t\t\t<\/div>\n\t\t\t\t<\/div>\n\t\t<div class=\"elementor-element elementor-element-777e32e e-con-full e-flex e-con e-child\" data-id=\"777e32e\" data-element_type=\"container\" data-e-type=\"container\" data-settings=\"{&quot;background_background&quot;:&quot;classic&quot;}\">\n\t\t\t\t<div class=\"elementor-element elementor-element-af9607e elementor-widget elementor-widget-text-editor\" data-id=\"af9607e\" data-element_type=\"widget\" data-e-type=\"widget\" data-widget_type=\"text-editor.default\">\n\t\t\t\t<div class=\"elementor-widget-container\">\n\t\t\t\t\t\t\t\t\t<p style=\"text-align: center;\"><span style=\"color: #ffffff;\"><a style=\"color: #ffffff;\" href=\"https:\/\/cambionet.usts.fr\/es\/libreria-digital\/\">LIBRERIA <\/a><\/span><br \/><span style=\"color: #ffffff;\">DIGITAL<\/span><\/p>\n\t\t\t\t\t\t\t\t<\/div>\n\t\t\t\t<\/div>\n\t\t\t\t<div class=\"elementor-element elementor-element-90c48d6 elementor-view-default elementor-widget elementor-widget-icon\" data-id=\"90c48d6\" data-element_type=\"widget\" data-e-type=\"widget\" data-widget_type=\"icon.default\">\n\t\t\t\t<div class=\"elementor-widget-container\">\n\t\t\t\t\t\t\t<div class=\"elementor-icon-wrapper\">\n\t\t\t<a class=\"elementor-icon\" href=\"https:\/\/cambionet.usts.fr\/es\/libreria-digital\/\">\n\t\t\t<svg xmlns=\"http:\/\/www.w3.org\/2000\/svg\" width=\"31.3\" height=\"15.161\" viewBox=\"0 0 31.3 15.161\"><g id=\"right-arrow\" transform=\"translate(0 -132)\"><g id=\"Groupe_265\" data-name=\"Groupe 265\" transform=\"translate(0 132)\"><path id=\"Trac&#xE9;_2552\" data-name=\"Trac&#xE9; 2552\" d=\"M30.942,138.715h0l-6.389-6.358a1.223,1.223,0,0,0-1.725,1.733l4.289,4.269H1.223a1.223,1.223,0,0,0,0,2.445H27.116l-4.289,4.269a1.223,1.223,0,0,0,1.725,1.733l6.389-6.358h0A1.224,1.224,0,0,0,30.942,138.715Z\" transform=\"translate(0 -132)\" fill=\"#fff\"><\/path><\/g><\/g><\/svg>\t\t\t<\/a>\n\t\t<\/div>\n\t\t\t\t\t\t<\/div>\n\t\t\t\t<\/div>\n\t\t\t\t<\/div>\n\t\t\t\t<\/div>\n\t\t\t\t<section class=\"elementor-section elementor-top-section elementor-element elementor-element-63affe99cc8d08 elementor-section-boxed elementor-section-height-default elementor-section-height-default\" data-id=\"63affe99cc8d08\" data-element_type=\"section\" data-e-type=\"section\">\n\t\t\t\t\t\t<div class=\"elementor-container elementor-column-gap-default\">\n\t\t\t\t\t<div class=\"elementor-column elementor-col-100 elementor-top-column elementor-element elementor-element-8604e10\" data-id=\"8604e10\" data-element_type=\"column\" data-e-type=\"column\">\n\t\t\t<div class=\"elementor-widget-wrap elementor-element-populated\">\n\t\t\t\t\t\t<div class=\"elementor-element elementor-element-e944a7a elementor-widget elementor-widget-heading\" data-id=\"e944a7a\" data-element_type=\"widget\" data-e-type=\"widget\" data-widget_type=\"heading.default\">\n\t\t\t\t<div class=\"elementor-widget-container\">\n\t\t\t\t\t<h2 class=\"elementor-heading-title elementor-size-default\">PROYECTO CAMBIONET: ENFOQUE EN...<\/h2>\t\t\t\t<\/div>\n\t\t\t\t<\/div>\n\t\t\t\t<div class=\"elementor-element elementor-element-890dec8 tpg-wrapper-align-left title-two-line tpg-img-500 title_hover_border_disable meta-visibility-show title_position_default img_hover_animation_default meta_position_default tpg-is-author-icon-show author-image-visibility-icon tpg-title-border-default grid-hover-overlay-type-always tpg-border-bottom-disable elementor-widget elementor-widget-tpg-grid-hover-layout\" data-id=\"890dec8\" data-element_type=\"widget\" data-e-type=\"widget\" data-widget_type=\"tpg-grid-hover-layout.default\">\n\t\t\t\t<div class=\"elementor-widget-container\">\n\t\t\t\t\t\n        <div class=\"rt-container-fluid rt-tpg-container tpg-el-main-wrapper grid_hover-layout3-main \"\n             id=\"rt-tpg-container-1880845609\"\n             data-layout=\"grid_hover-layout3\"\n             data-sc-id=\"elementor\"\n             data-el-settings=''\n             data-el-query=''\n             data-el-path=''\n        >\n\t\t\t            <div class='tpg-header-wrapper '>\n\t\t\t\t            <\/div>\n\n            <div data-title=\"Loading ...\"\n                 class=\"rt-row rt-content-loader grid_hover-layout3 tpg-even grid-behaviour grid_hover_layout_wrapper\">\n\t\t\t\t\n<div class=\"rt-col-md-4 rt-col-sm-4 rt-col-xs-12 default rt-grid-hover-item rt-grid-item\" data-id=\"4607\">\n\t<div class=\"rt-holder tpg-post-holder \">\n\t\t<div class=\"rt-detail rt-el-content-wrapper\">\n\t\t\t\t\t\t\t<div class=\"rt-img-holder tpg-el-image-wrap has-thumbnail\">\n\t\t\t\t\t<a data-id=\"4607\" href=\"https:\/\/cambionet.usts.fr\/es\/seminario-web-eko-innovation\/\" class=\"tpg-post-link\" target=\"_self\"><img loading=\"lazy\" class='rt-img-responsive' src='https:\/\/cambionet.usts.fr\/wp-content\/uploads\/2023\/11\/Affiche-EkoInnovation-cambionet-724x1024.jpg' width=\"724\" height=\"1024\" alt='Seminario web Eko-Innovation'>        \n        <\/a>\n                <div class=\"overlay grid-hover-content\"><\/div>\n        \t\t\t\t<\/div>\n\t\t\t\n\t\t\t<div class=\"grid-hover-content\">\n\n\t\t\t\t<div class=\"entry-title-wrapper\"><h3 class=\"entry-title\"><a data-id=\"4607\" href=\"https:\/\/cambionet.usts.fr\/es\/seminario-web-eko-innovation\/\" class=\"tpg-post-link\" target=\"_self\">Seminario web Eko-Innovation<\/a><\/h3><\/div>\n\n\t\t\t\t\t\t\t\t\t<div class=\"post-meta-tags rt-el-post-meta\">\n\t\t\t\t\t\t            <span class='author '>\n\n\t\t\t\t<i class='fa fa-user '><\/i><span class='author-prefix'>By<\/span><a href=\"https:\/\/cambionet.usts.fr\/es\/author\/anais-r\/\">Anais Ramalho<\/a>\t\t\t<\/span>\n                        <span class='date'>\n\t\t\t\t<i class='far fa-calendar-alt '><\/i>                                    <a href=\"https:\/\/cambionet.usts.fr\/es\/2023\/11\/26\/\">\n\t\t\t\t\t26 de noviembre de 2023\t\t\t\t<\/a>\n                \t\t\t<\/span>\n            \t\t\t\t\t<\/div>\n\t\t\t\t\n\t\t\t\t\n\t\t\t\t\t\t\t<\/div>\n\t\t<\/div>\n\t<\/div>\n<\/div>\n\n<div class=\"rt-col-md-4 rt-col-sm-4 rt-col-xs-12 default rt-grid-hover-item rt-grid-item\" data-id=\"4622\">\n\t<div class=\"rt-holder tpg-post-holder \">\n\t\t<div class=\"rt-detail rt-el-content-wrapper\">\n\t\t\t\t\t\t\t<div class=\"rt-img-holder tpg-el-image-wrap has-thumbnail\">\n\t\t\t\t\t<a data-id=\"4622\" href=\"https:\/\/cambionet.usts.fr\/es\/webinar-foro-de-transiciones-para-un-caribe-sostenible\/\" class=\"tpg-post-link\" target=\"_self\"><img loading=\"lazy\" class='rt-img-responsive' src='https:\/\/cambionet.usts.fr\/wp-content\/uploads\/2023\/11\/Logo-forum-des-transitions1-768x397.png' width=\"768\" height=\"397\" alt='Webinar Foro de Transiciones para un Caribe Sostenible'>        \n        <\/a>\n                <div class=\"overlay grid-hover-content\"><\/div>\n        \t\t\t\t<\/div>\n\t\t\t\n\t\t\t<div class=\"grid-hover-content\">\n\n\t\t\t\t<div class=\"entry-title-wrapper\"><h3 class=\"entry-title\"><a data-id=\"4622\" href=\"https:\/\/cambionet.usts.fr\/es\/webinar-foro-de-transiciones-para-un-caribe-sostenible\/\" class=\"tpg-post-link\" target=\"_self\">Webinar Foro de Transiciones para un Caribe Sostenible<\/a><\/h3><\/div>\n\n\t\t\t\t\t\t\t\t\t<div class=\"post-meta-tags rt-el-post-meta\">\n\t\t\t\t\t\t            <span class='author '>\n\n\t\t\t\t<i class='fa fa-user '><\/i><span class='author-prefix'>By<\/span><a href=\"https:\/\/cambionet.usts.fr\/es\/author\/anais-r\/\">Anais Ramalho<\/a>\t\t\t<\/span>\n                        <span class='date'>\n\t\t\t\t<i class='far fa-calendar-alt '><\/i>                                    <a href=\"https:\/\/cambionet.usts.fr\/es\/2023\/11\/26\/\">\n\t\t\t\t\t26 de noviembre de 2023\t\t\t\t<\/a>\n                \t\t\t<\/span>\n            \t\t\t\t\t<\/div>\n\t\t\t\t\n\t\t\t\t\n\t\t\t\t\t\t\t<\/div>\n\t\t<\/div>\n\t<\/div>\n<\/div>\n\n<div class=\"rt-col-md-4 rt-col-sm-4 rt-col-xs-12 default rt-grid-hover-item rt-grid-item\" data-id=\"4614\">\n\t<div class=\"rt-holder tpg-post-holder \">\n\t\t<div class=\"rt-detail rt-el-content-wrapper\">\n\t\t\t\t\t\t\t<div class=\"rt-img-holder tpg-el-image-wrap has-thumbnail\">\n\t\t\t\t\t<a data-id=\"4614\" href=\"https:\/\/cambionet.usts.fr\/es\/congreso-de-la-sociedad-del-caribe-de-cultivos-alimentarios-cfcs-en-la-isla-de-granada\/\" class=\"tpg-post-link\" target=\"_self\"><img loading=\"lazy\" class='rt-img-responsive' src='https:\/\/cambionet.usts.fr\/wp-content\/uploads\/2023\/11\/Congres-de-la-Caribbean-Food-Crops-Society_cambionet-3.jpg' width=\"960\" height=\"438\" alt='Congr\u00e8s de la Caribbean Food Crops Society_cambionet'>        \n        <\/a>\n                <div class=\"overlay grid-hover-content\"><\/div>\n        \t\t\t\t<\/div>\n\t\t\t\n\t\t\t<div class=\"grid-hover-content\">\n\n\t\t\t\t<div class=\"entry-title-wrapper\"><h3 class=\"entry-title\"><a data-id=\"4614\" href=\"https:\/\/cambionet.usts.fr\/es\/congreso-de-la-sociedad-del-caribe-de-cultivos-alimentarios-cfcs-en-la-isla-de-granada\/\" class=\"tpg-post-link\" target=\"_self\">CONGRESO DE LA SOCIEDAD DEL CARIBE DE CULTIVOS ALIMENTARIOS \u2018CFCS\u2019 EN LA ISLA DE GRANADA<\/a><\/h3><\/div>\n\n\t\t\t\t\t\t\t\t\t<div class=\"post-meta-tags rt-el-post-meta\">\n\t\t\t\t\t\t            <span class='author '>\n\n\t\t\t\t<i class='fa fa-user '><\/i><span class='author-prefix'>By<\/span><a href=\"https:\/\/cambionet.usts.fr\/es\/author\/anais-r\/\">Anais Ramalho<\/a>\t\t\t<\/span>\n                        <span class='date'>\n\t\t\t\t<i class='far fa-calendar-alt '><\/i>                                    <a href=\"https:\/\/cambionet.usts.fr\/es\/2023\/11\/20\/\">\n\t\t\t\t\t20 de noviembre de 2023\t\t\t\t<\/a>\n                \t\t\t<\/span>\n            \t\t\t\t\t<\/div>\n\t\t\t\t\n\t\t\t\t\n\t\t\t\t\t\t\t<\/div>\n\t\t<\/div>\n\t<\/div>\n<\/div>\n\n<div class=\"rt-col-md-4 rt-col-sm-4 rt-col-xs-12 default rt-grid-hover-item rt-grid-item\" data-id=\"4620\">\n\t<div class=\"rt-holder tpg-post-holder \">\n\t\t<div class=\"rt-detail rt-el-content-wrapper\">\n\t\t\t\t\t\t\t<div class=\"rt-img-holder tpg-el-image-wrap has-thumbnail\">\n\t\t\t\t\t<a data-id=\"4620\" href=\"https:\/\/cambionet.usts.fr\/es\/primera-reunion-de-copil-en-santa-lucia\/\" class=\"tpg-post-link\" target=\"_self\"><img loading=\"lazy\" class='rt-img-responsive' src='https:\/\/cambionet.usts.fr\/wp-content\/uploads\/2023\/11\/1ere-rencontre-projet-cambionet-a-sainte-lucie-1024x490.png' width=\"1024\" height=\"490\" alt='Primera reuni\u00f3n de COPIL en Santa Luc\u00eda'>        \n        <\/a>\n                <div class=\"overlay grid-hover-content\"><\/div>\n        \t\t\t\t<\/div>\n\t\t\t\n\t\t\t<div class=\"grid-hover-content\">\n\n\t\t\t\t<div class=\"entry-title-wrapper\"><h3 class=\"entry-title\"><a data-id=\"4620\" href=\"https:\/\/cambionet.usts.fr\/es\/primera-reunion-de-copil-en-santa-lucia\/\" class=\"tpg-post-link\" target=\"_self\">Primera reuni\u00f3n de COPIL en Santa Luc\u00eda<\/a><\/h3><\/div>\n\n\t\t\t\t\t\t\t\t\t<div class=\"post-meta-tags rt-el-post-meta\">\n\t\t\t\t\t\t            <span class='author '>\n\n\t\t\t\t<i class='fa fa-user '><\/i><span class='author-prefix'>By<\/span><a href=\"https:\/\/cambionet.usts.fr\/es\/author\/anais-r\/\">Anais Ramalho<\/a>\t\t\t<\/span>\n                        <span class='date'>\n\t\t\t\t<i class='far fa-calendar-alt '><\/i>                                    <a href=\"https:\/\/cambionet.usts.fr\/es\/2023\/11\/17\/\">\n\t\t\t\t\t17 de noviembre de 2023\t\t\t\t<\/a>\n                \t\t\t<\/span>\n            \t\t\t\t\t<\/div>\n\t\t\t\t\n\t\t\t\t\n\t\t\t\t\t\t\t<\/div>\n\t\t<\/div>\n\t<\/div>\n<\/div>\n\n<div class=\"rt-col-md-4 rt-col-sm-4 rt-col-xs-12 default rt-grid-hover-item rt-grid-item\" data-id=\"4618\">\n\t<div class=\"rt-holder tpg-post-holder \">\n\t\t<div class=\"rt-detail rt-el-content-wrapper\">\n\t\t\t\t\t\t\t<div class=\"rt-img-holder tpg-el-image-wrap has-thumbnail\">\n\t\t\t\t\t<a data-id=\"4618\" href=\"https:\/\/cambionet.usts.fr\/es\/participacion-de-cambionet-en-la-semana-de-la-agricultura-del-caribe\/\" class=\"tpg-post-link\" target=\"_self\"><img loading=\"lazy\" class='rt-img-responsive' src='https:\/\/cambionet.usts.fr\/wp-content\/uploads\/2023\/11\/CWA-SEMINIARS-cambionet-963x1024.jpg' width=\"963\" height=\"1024\" alt='Participaci\u00f3n de CambioNet en la Semana de la Agricultura del Caribe'>        \n        <\/a>\n                <div class=\"overlay grid-hover-content\"><\/div>\n        \t\t\t\t<\/div>\n\t\t\t\n\t\t\t<div class=\"grid-hover-content\">\n\n\t\t\t\t<div class=\"entry-title-wrapper\"><h3 class=\"entry-title\"><a data-id=\"4618\" href=\"https:\/\/cambionet.usts.fr\/es\/participacion-de-cambionet-en-la-semana-de-la-agricultura-del-caribe\/\" class=\"tpg-post-link\" target=\"_self\">Participaci\u00f3n de CambioNet en la Semana de la Agricultura del Caribe<\/a><\/h3><\/div>\n\n\t\t\t\t\t\t\t\t\t<div class=\"post-meta-tags rt-el-post-meta\">\n\t\t\t\t\t\t            <span class='author '>\n\n\t\t\t\t<i class='fa fa-user '><\/i><span class='author-prefix'>By<\/span><a href=\"https:\/\/cambionet.usts.fr\/es\/author\/anais-r\/\">Anais Ramalho<\/a>\t\t\t<\/span>\n                        <span class='date'>\n\t\t\t\t<i class='far fa-calendar-alt '><\/i>                                    <a href=\"https:\/\/cambionet.usts.fr\/es\/2023\/11\/16\/\">\n\t\t\t\t\t16 de noviembre de 2023\t\t\t\t<\/a>\n                \t\t\t<\/span>\n            \t\t\t\t\t<\/div>\n\t\t\t\t\n\t\t\t\t\n\t\t\t\t\t\t\t<\/div>\n\t\t<\/div>\n\t<\/div>\n<\/div>\n\n<div class=\"rt-col-md-4 rt-col-sm-4 rt-col-xs-12 default rt-grid-hover-item rt-grid-item\" data-id=\"4616\">\n\t<div class=\"rt-holder tpg-post-holder \">\n\t\t<div class=\"rt-detail rt-el-content-wrapper\">\n\t\t\t\t\t\t\t<div class=\"rt-img-holder tpg-el-image-wrap has-thumbnail\">\n\t\t\t\t\t<a data-id=\"4616\" href=\"https:\/\/cambionet.usts.fr\/es\/participacion-de-cambionet-en-el-congreso-de-la-alianza-filantropica-del-caribe\/\" class=\"tpg-post-link\" target=\"_self\"><img loading=\"lazy\" class='rt-img-responsive' src='https:\/\/cambionet.usts.fr\/wp-content\/uploads\/2023\/11\/Participation-en-distanciel-de-Harry-Ozier-Lafontaine-au-Congres-de-la-Caribbean-Philanthropic-Alliance-3.png' width=\"980\" height=\"540\" alt='participation congr\u00e8s caribbean philanthropic alliance cambionet'>        \n        <\/a>\n                <div class=\"overlay grid-hover-content\"><\/div>\n        \t\t\t\t<\/div>\n\t\t\t\n\t\t\t<div class=\"grid-hover-content\">\n\n\t\t\t\t<div class=\"entry-title-wrapper\"><h3 class=\"entry-title\"><a data-id=\"4616\" href=\"https:\/\/cambionet.usts.fr\/es\/participacion-de-cambionet-en-el-congreso-de-la-alianza-filantropica-del-caribe\/\" class=\"tpg-post-link\" target=\"_self\">Participaci\u00f3n de CambioNet en el Congreso de la Alianza Filantr\u00f3pica del Caribe<\/a><\/h3><\/div>\n\n\t\t\t\t\t\t\t\t\t<div class=\"post-meta-tags rt-el-post-meta\">\n\t\t\t\t\t\t            <span class='author '>\n\n\t\t\t\t<i class='fa fa-user '><\/i><span class='author-prefix'>By<\/span><a href=\"https:\/\/cambionet.usts.fr\/es\/author\/anais-r\/\">Anais Ramalho<\/a>\t\t\t<\/span>\n                        <span class='date'>\n\t\t\t\t<i class='far fa-calendar-alt '><\/i>                                    <a href=\"https:\/\/cambionet.usts.fr\/es\/2023\/11\/16\/\">\n\t\t\t\t\t16 de noviembre de 2023\t\t\t\t<\/a>\n                \t\t\t<\/span>\n            \t\t\t\t\t<\/div>\n\t\t\t\t\n\t\t\t\t\n\t\t\t\t\t\t\t<\/div>\n\t\t<\/div>\n\t<\/div>\n<\/div>\n            <\/div>\n\n\t\t\t        <\/div>\n\t\t\t\t\t\t<\/div>\n\t\t\t\t<\/div>\n\t\t\t\t\t<\/div>\n\t\t<\/div>\n\t\t\t\t\t<\/div>\n\t\t<\/section>\n\t\t<div class=\"elementor-element elementor-element-8e886b3 e-flex e-con-boxed e-con e-parent\" data-id=\"8e886b3\" data-element_type=\"container\" data-e-type=\"container\">\n\t\t\t\t\t<div class=\"e-con-inner\">\n\t\t\t\t<div class=\"elementor-element elementor-element-ee0e5e3 elementor-widget elementor-widget-heading\" data-id=\"ee0e5e3\" data-element_type=\"widget\" data-e-type=\"widget\" data-widget_type=\"heading.default\">\n\t\t\t\t<div class=\"elementor-widget-container\">\n\t\t\t\t\t<h2 class=\"elementor-heading-title elementor-size-default\">Preguntas frecuentes CAMBIONET<\/h2>\t\t\t\t<\/div>\n\t\t\t\t<\/div>\n\t\t\t\t<div class=\"elementor-element elementor-element-0b82832 elementor-widget elementor-widget-accordion\" data-id=\"0b82832\" data-element_type=\"widget\" data-e-type=\"widget\" data-widget_type=\"accordion.default\">\n\t\t\t\t<div class=\"elementor-widget-container\">\n\t\t\t\t\t\t\t<div class=\"elementor-accordion\">\n\t\t\t\t\t\t\t<div class=\"elementor-accordion-item\">\n\t\t\t\t\t<div id=\"elementor-tab-title-1201\" class=\"elementor-tab-title\" data-tab=\"1\" role=\"button\" aria-controls=\"elementor-tab-content-1201\" aria-expanded=\"false\">\n\t\t\t\t\t\t\t\t\t\t\t\t\t<span class=\"elementor-accordion-icon elementor-accordion-icon-left\" aria-hidden=\"true\">\n\t\t\t\t\t\t\t\t\t\t\t\t\t\t\t<span class=\"elementor-accordion-icon-closed\"><svg class=\"e-font-icon-svg e-fas-plus\" viewBox=\"0 0 448 512\" xmlns=\"http:\/\/www.w3.org\/2000\/svg\"><path d=\"M416 208H272V64c0-17.67-14.33-32-32-32h-32c-17.67 0-32 14.33-32 32v144H32c-17.67 0-32 14.33-32 32v32c0 17.67 14.33 32 32 32h144v144c0 17.67 14.33 32 32 32h32c17.67 0 32-14.33 32-32V304h144c17.67 0 32-14.33 32-32v-32c0-17.67-14.33-32-32-32z\"><\/path><\/svg><\/span>\n\t\t\t\t\t\t\t\t<span class=\"elementor-accordion-icon-opened\"><svg class=\"e-font-icon-svg e-fas-minus\" viewBox=\"0 0 448 512\" xmlns=\"http:\/\/www.w3.org\/2000\/svg\"><path d=\"M416 208H32c-17.67 0-32 14.33-32 32v32c0 17.67 14.33 32 32 32h384c17.67 0 32-14.33 32-32v-32c0-17.67-14.33-32-32-32z\"><\/path><\/svg><\/span>\n\t\t\t\t\t\t\t\t\t\t\t\t\t\t<\/span>\n\t\t\t\t\t\t\t\t\t\t\t\t<a class=\"elementor-accordion-title\" tabindex=\"0\">\u00bfQu\u00e9 es la bioeconom\u00eda territorial?<\/a>\n\t\t\t\t\t<\/div>\n\t\t\t\t\t<div id=\"elementor-tab-content-1201\" class=\"elementor-tab-content elementor-clearfix\" data-tab=\"1\" role=\"region\" aria-labelledby=\"elementor-tab-title-1201\"><p>La bioeconom\u00eda es un concepto que abarca todas las actividades destinadas a la utilizaci\u00f3n sostenible de los recursos provenientes de la fotos\u00edntesis, como las plantas, los \u00e1rboles y los organismos marinos, para crear productos, materiales y energ\u00eda, teniendo en cuenta los aspectos econ\u00f3micos, sociales y ambientales.<\/p>\n<p><strong>Papel de la bioeconom\u00eda en el crecimiento territorial<\/strong> : La bioeconom\u00eda es un concepto que abarca todas las actividades destinadas a la utilizaci\u00f3n sostenible de los recursos provenientes de la fotos\u00edntesis, como las plantas, los \u00e1rboles y los organismos marinos, para crear productos, materiales y energ\u00eda, teniendo en cuenta los aspectos econ\u00f3micos, sociales y ambientales. <\/p>\n<p>En resumen, la bioeconom\u00eda se basa en la utilizaci\u00f3n sostenible de los recursos vivos para crear productos, materiales y energ\u00eda. Integra aspectos econ\u00f3micos, sociales y ambientales, buscando encontrar un equilibrio entre la productividad y la durabilidad. <\/p>\n<\/div>\n\t\t\t\t<\/div>\n\t\t\t\t\t\t\t<div class=\"elementor-accordion-item\">\n\t\t\t\t\t<div id=\"elementor-tab-title-1202\" class=\"elementor-tab-title\" data-tab=\"2\" role=\"button\" aria-controls=\"elementor-tab-content-1202\" aria-expanded=\"false\">\n\t\t\t\t\t\t\t\t\t\t\t\t\t<span class=\"elementor-accordion-icon elementor-accordion-icon-left\" aria-hidden=\"true\">\n\t\t\t\t\t\t\t\t\t\t\t\t\t\t\t<span class=\"elementor-accordion-icon-closed\"><svg class=\"e-font-icon-svg e-fas-plus\" viewBox=\"0 0 448 512\" xmlns=\"http:\/\/www.w3.org\/2000\/svg\"><path d=\"M416 208H272V64c0-17.67-14.33-32-32-32h-32c-17.67 0-32 14.33-32 32v144H32c-17.67 0-32 14.33-32 32v32c0 17.67 14.33 32 32 32h144v144c0 17.67 14.33 32 32 32h32c17.67 0 32-14.33 32-32V304h144c17.67 0 32-14.33 32-32v-32c0-17.67-14.33-32-32-32z\"><\/path><\/svg><\/span>\n\t\t\t\t\t\t\t\t<span class=\"elementor-accordion-icon-opened\"><svg class=\"e-font-icon-svg e-fas-minus\" viewBox=\"0 0 448 512\" xmlns=\"http:\/\/www.w3.org\/2000\/svg\"><path d=\"M416 208H32c-17.67 0-32 14.33-32 32v32c0 17.67 14.33 32 32 32h384c17.67 0 32-14.33 32-32v-32c0-17.67-14.33-32-32-32z\"><\/path><\/svg><\/span>\n\t\t\t\t\t\t\t\t\t\t\t\t\t\t<\/span>\n\t\t\t\t\t\t\t\t\t\t\t\t<a class=\"elementor-accordion-title\" tabindex=\"0\">\u00bfQu\u00e9 es la agroecolog\u00eda? \u00bfCu\u00e1les son las pr\u00e1cticas de la agroecolog\u00eda? <\/a>\n\t\t\t\t\t<\/div>\n\t\t\t\t\t<div id=\"elementor-tab-content-1202\" class=\"elementor-tab-content elementor-clearfix\" data-tab=\"2\" role=\"region\" aria-labelledby=\"elementor-tab-title-1202\"><p>La agroecolog\u00eda es la fusi\u00f3n de dos campos del conocimiento: la agricultura y las ciencias ambientales. Sugiere comprender la naturaleza para obtener los mejores beneficios de ella, sin da\u00f1arla. En agroecolog\u00eda las malezas (m\u00e1s conocidas como \u201cmalezas\u201d) y los insectos ya no son obst\u00e1culos, sino una oportunidad para mejorar los cultivos. As\u00ed, lo que la agricultura industrial se esfuerza por destruir, la agroecolog\u00eda lo potencia. Lo que consideramos malas hierbas son en realidad plantas con m\u00faltiples funciones: algunas pueden servir como alimento para los animales, otras como repelentes de insectos o incluso como fertilizante para el suelo.    <\/p>\n<p>Agroecolog\u00eda propone un conjunto de m\u00e9todos agr\u00edcolas respetuosos con el medio ambiente. A diferencia de la agricultura industrial que se basa en la monocultura, la agroecolog\u00eda aboga por la policultura: la asociaci\u00f3n de varias especies vegetales, e incluso animales, en una misma parcela agr\u00edcola. Esta diversificaci\u00f3n de las especies permite una forma de solidaridad natural, inspirada en el mismo principio de ecosistema.  <\/p>\n<p>Esta asociaci\u00f3n de especies es espec\u00edfica de cada territorio, no podemos imponer el mismo modelo agr\u00edcola en todas partes porque las caracter\u00edsticas de un ecosistema var\u00edan de un lugar a otro. As\u00ed, existen multitud de combinaciones agroecol\u00f3gicas beneficiosas para cada tierra. <\/p>\n<p>Por poner algunos ejemplos concretos, las plantaciones de zanahorias ayudan a repeler mosquitos e insectos que destruyen los puerros. Mientras que el olor a puerro y cebolla ahuyenta a las plagas de la zanahoria. Por otro lado, la albahaca y el perejil ayudan a proteger las plantaciones de tomate. Y el hinojo, por su parte, protege la ensalada de las babosas.   <\/p>\n<p>La otra metodolog\u00eda emblem\u00e1tica de la agroecolog\u00eda es la agroforester\u00eda. La asociaci\u00f3n de ciertas variedades de \u00e1rboles en una plantaci\u00f3n agr\u00edcola aporta nutrientes a las plantas y ayuda a conservar mejor la humedad del suelo gracias a la sombra proporcionada por las hojas. Adem\u00e1s, las hojas de los \u00e1rboles sirven como excelente fertilizante que mejora la fertilidad del suelo, y en general, los \u00e1rboles ayudan a absorber el di\u00f3xido de carbono de la atm\u00f3sfera.  <\/p>\n<p>Cuando adoptamos este tipo de agricultura, se crea un c\u00edrculo virtuoso alrededor de la finca. Los productores se independizan y ya no viven bajo el yugo de las multinacionales que venden fertilizantes, pesticidas qu\u00edmicos y semillas transg\u00e9nicas. La explotaci\u00f3n es autosuficiente, los costes de producci\u00f3n bajan y el papel del agricultor mejora.  <\/p>\n<p>La agroecolog\u00eda requiere conocimientos por parte de los agricultores. Una aut\u00e9ntica ingenier\u00eda de instalaciones hasta ahora olvidada. En la agroecolog\u00eda todo es cuesti\u00f3n de equilibrio. Esta nueva forma de agricultura nos demuestra que la naturaleza est\u00e1 bien hecha y que todas las soluciones a los problemas agr\u00edcolas ya existen en el mundo vegetal.   <\/p>\n<p><a href=\"https:\/\/www.bioconsomacteurs.org\/bio\/dossiers\/agriculture\/produire-en-bio-est-ce-meilleur-pour-l-environnement\">Fuente<\/a><\/p>\n<\/div>\n\t\t\t\t<\/div>\n\t\t\t\t\t\t\t<div class=\"elementor-accordion-item\">\n\t\t\t\t\t<div id=\"elementor-tab-title-1203\" class=\"elementor-tab-title\" data-tab=\"3\" role=\"button\" aria-controls=\"elementor-tab-content-1203\" aria-expanded=\"false\">\n\t\t\t\t\t\t\t\t\t\t\t\t\t<span class=\"elementor-accordion-icon elementor-accordion-icon-left\" aria-hidden=\"true\">\n\t\t\t\t\t\t\t\t\t\t\t\t\t\t\t<span class=\"elementor-accordion-icon-closed\"><svg class=\"e-font-icon-svg e-fas-plus\" viewBox=\"0 0 448 512\" xmlns=\"http:\/\/www.w3.org\/2000\/svg\"><path d=\"M416 208H272V64c0-17.67-14.33-32-32-32h-32c-17.67 0-32 14.33-32 32v144H32c-17.67 0-32 14.33-32 32v32c0 17.67 14.33 32 32 32h144v144c0 17.67 14.33 32 32 32h32c17.67 0 32-14.33 32-32V304h144c17.67 0 32-14.33 32-32v-32c0-17.67-14.33-32-32-32z\"><\/path><\/svg><\/span>\n\t\t\t\t\t\t\t\t<span class=\"elementor-accordion-icon-opened\"><svg class=\"e-font-icon-svg e-fas-minus\" viewBox=\"0 0 448 512\" xmlns=\"http:\/\/www.w3.org\/2000\/svg\"><path d=\"M416 208H32c-17.67 0-32 14.33-32 32v32c0 17.67 14.33 32 32 32h384c17.67 0 32-14.33 32-32v-32c0-17.67-14.33-32-32-32z\"><\/path><\/svg><\/span>\n\t\t\t\t\t\t\t\t\t\t\t\t\t\t<\/span>\n\t\t\t\t\t\t\t\t\t\t\t\t<a class=\"elementor-accordion-title\" tabindex=\"0\">\u00bfQu\u00e9 es una biblioteca digital?<\/a>\n\t\t\t\t\t<\/div>\n\t\t\t\t\t<div id=\"elementor-tab-content-1203\" class=\"elementor-tab-content elementor-clearfix\" data-tab=\"3\" role=\"region\" aria-labelledby=\"elementor-tab-title-1203\"><p>Una biblioteca digital es una colecci\u00f3n organizada de documentos electr\u00f3nicos, accesibles a trav\u00e9s de dispositivos electr\u00f3nicos como computadoras, tabletas o lectores electr\u00f3nicos. Su objetivo es poner a disposici\u00f3n recursos culturales, educativos y acad\u00e9micos de forma electr\u00f3nica, eliminando as\u00ed las limitaciones f\u00edsicas asociadas con el espacio f\u00edsico de una biblioteca tradicional. Estas bibliotecas a menudo incluyen libros electr\u00f3nicos, art\u00edculos, im\u00e1genes, videos, grabaciones de audio, archivos y otros tipos de contenido. Los usuarios pueden acceder a ellas en l\u00ednea, realizar b\u00fasquedas, leer, descargar y, a veces, contribuir con contenido.   <\/p>\n<p>Las bibliotecas digitales desempe\u00f1an un papel vital en la preservaci\u00f3n del patrimonio cultural, facilitando el acceso a la informaci\u00f3n y apoyando la educaci\u00f3n al permitir una difusi\u00f3n m\u00e1s amplia del conocimiento.<\/p>\n<\/div>\n\t\t\t\t<\/div>\n\t\t\t\t\t\t\t<div class=\"elementor-accordion-item\">\n\t\t\t\t\t<div id=\"elementor-tab-title-1204\" class=\"elementor-tab-title\" data-tab=\"4\" role=\"button\" aria-controls=\"elementor-tab-content-1204\" aria-expanded=\"false\">\n\t\t\t\t\t\t\t\t\t\t\t\t\t<span class=\"elementor-accordion-icon elementor-accordion-icon-left\" aria-hidden=\"true\">\n\t\t\t\t\t\t\t\t\t\t\t\t\t\t\t<span class=\"elementor-accordion-icon-closed\"><svg class=\"e-font-icon-svg e-fas-plus\" viewBox=\"0 0 448 512\" xmlns=\"http:\/\/www.w3.org\/2000\/svg\"><path d=\"M416 208H272V64c0-17.67-14.33-32-32-32h-32c-17.67 0-32 14.33-32 32v144H32c-17.67 0-32 14.33-32 32v32c0 17.67 14.33 32 32 32h144v144c0 17.67 14.33 32 32 32h32c17.67 0 32-14.33 32-32V304h144c17.67 0 32-14.33 32-32v-32c0-17.67-14.33-32-32-32z\"><\/path><\/svg><\/span>\n\t\t\t\t\t\t\t\t<span class=\"elementor-accordion-icon-opened\"><svg class=\"e-font-icon-svg e-fas-minus\" viewBox=\"0 0 448 512\" xmlns=\"http:\/\/www.w3.org\/2000\/svg\"><path d=\"M416 208H32c-17.67 0-32 14.33-32 32v32c0 17.67 14.33 32 32 32h384c17.67 0 32-14.33 32-32v-32c0-17.67-14.33-32-32-32z\"><\/path><\/svg><\/span>\n\t\t\t\t\t\t\t\t\t\t\t\t\t\t<\/span>\n\t\t\t\t\t\t\t\t\t\t\t\t<a class=\"elementor-accordion-title\" tabindex=\"0\">\u00bfQu\u00e9 es la econom\u00eda simbi\u00f3tica?<\/a>\n\t\t\t\t\t<\/div>\n\t\t\t\t\t<div id=\"elementor-tab-content-1204\" class=\"elementor-tab-content elementor-clearfix\" data-tab=\"4\" role=\"region\" aria-labelledby=\"elementor-tab-title-1204\"><div class=\"flex flex-grow flex-col max-w-full\">\n<div class=\"min-h-[20px] text-message flex flex-col items-start gap-3 whitespace-pre-wrap break-words [.text-message+&amp;]:mt-5 overflow-x-auto\" data-message-author-role=\"assistant\" data-message-id=\"5a6399f6-3218-4807-a7d8-53a511a2bb4d\">\n<div class=\"markdown prose w-full break-words dark:prose-invert dark\">\n<p>La econom\u00eda simbi\u00f3tica es un concepto que surge en el \u00e1mbito de la econom\u00eda sostenible. Propone un modelo en el cual las empresas colaboran estrechamente, imitando las relaciones simbi\u00f3ticas observadas en la naturaleza. En lugar de operar de manera independiente, las empresas comparten recursos, habilidades y desechos, creando as\u00ed sinergias mutuas. Este enfoque tiene como objetivo optimizar el uso de los recursos, reducir los desechos y promover un equilibrio ecol\u00f3gico. La econom\u00eda simbi\u00f3tica se basa en ciclos de producci\u00f3n cerrados, donde los desechos de una empresa se convierten en materias primas para otra, fomentando as\u00ed un uso m\u00e1s eficiente de los recursos naturales. Este modelo busca conciliar el desarrollo econ\u00f3mico con la preservaci\u00f3n del medio ambiente, ofreciendo una alternativa sostenible a los modelos econ\u00f3micos tradicionales.     <\/p>\n<\/div>\n<\/div>\n<\/div>\n<\/div>\n\t\t\t\t<\/div>\n\t\t\t\t\t\t\t<div class=\"elementor-accordion-item\">\n\t\t\t\t\t<div id=\"elementor-tab-title-1205\" class=\"elementor-tab-title\" data-tab=\"5\" role=\"button\" aria-controls=\"elementor-tab-content-1205\" aria-expanded=\"false\">\n\t\t\t\t\t\t\t\t\t\t\t\t\t<span class=\"elementor-accordion-icon elementor-accordion-icon-left\" aria-hidden=\"true\">\n\t\t\t\t\t\t\t\t\t\t\t\t\t\t\t<span class=\"elementor-accordion-icon-closed\"><svg class=\"e-font-icon-svg e-fas-plus\" viewBox=\"0 0 448 512\" xmlns=\"http:\/\/www.w3.org\/2000\/svg\"><path d=\"M416 208H272V64c0-17.67-14.33-32-32-32h-32c-17.67 0-32 14.33-32 32v144H32c-17.67 0-32 14.33-32 32v32c0 17.67 14.33 32 32 32h144v144c0 17.67 14.33 32 32 32h32c17.67 0 32-14.33 32-32V304h144c17.67 0 32-14.33 32-32v-32c0-17.67-14.33-32-32-32z\"><\/path><\/svg><\/span>\n\t\t\t\t\t\t\t\t<span class=\"elementor-accordion-icon-opened\"><svg class=\"e-font-icon-svg e-fas-minus\" viewBox=\"0 0 448 512\" xmlns=\"http:\/\/www.w3.org\/2000\/svg\"><path d=\"M416 208H32c-17.67 0-32 14.33-32 32v32c0 17.67 14.33 32 32 32h384c17.67 0 32-14.33 32-32v-32c0-17.67-14.33-32-32-32z\"><\/path><\/svg><\/span>\n\t\t\t\t\t\t\t\t\t\t\t\t\t\t<\/span>\n\t\t\t\t\t\t\t\t\t\t\t\t<a class=\"elementor-accordion-title\" tabindex=\"0\">\u00bfQu\u00e9 es la biom\u00edmesis?<\/a>\n\t\t\t\t\t<\/div>\n\t\t\t\t\t<div id=\"elementor-tab-content-1205\" class=\"elementor-tab-content elementor-clearfix\" data-tab=\"5\" role=\"region\" aria-labelledby=\"elementor-tab-title-1205\"><p>La biom\u00edmesis (literalmente: imitaci\u00f3n de la vida) consiste en inspirarse en las soluciones de selecci\u00f3n natural adoptadas por la evoluci\u00f3n, para transponer sus principios y procesos a la ingenier\u00eda humana. El enfoque pretende favorecer las \u201copciones\u201d probadas por la naturaleza, como parte de un desarrollo sostenible en mejor armon\u00eda con el medio ambiente y sostenible a largo plazo. El t\u00e9rmino \u201cbiomim\u00e9tica\u201d, acu\u00f1ado por el acad\u00e9mico estadounidense Otto Schmitt, se puede resumir en pocas palabras en la transferencia de modelos y mecanismos biol\u00f3gicos a la tecnolog\u00eda.  <\/p>\n<p><a href=\"https:\/\/youmatter.world\/fr\/definition\/biomimetisme-definition-exemples\/\">Fuente<\/a><\/p>\n<\/div>\n\t\t\t\t<\/div>\n\t\t\t\t\t\t\t<div class=\"elementor-accordion-item\">\n\t\t\t\t\t<div id=\"elementor-tab-title-1206\" class=\"elementor-tab-title\" data-tab=\"6\" role=\"button\" aria-controls=\"elementor-tab-content-1206\" aria-expanded=\"false\">\n\t\t\t\t\t\t\t\t\t\t\t\t\t<span class=\"elementor-accordion-icon elementor-accordion-icon-left\" aria-hidden=\"true\">\n\t\t\t\t\t\t\t\t\t\t\t\t\t\t\t<span class=\"elementor-accordion-icon-closed\"><svg class=\"e-font-icon-svg e-fas-plus\" viewBox=\"0 0 448 512\" xmlns=\"http:\/\/www.w3.org\/2000\/svg\"><path d=\"M416 208H272V64c0-17.67-14.33-32-32-32h-32c-17.67 0-32 14.33-32 32v144H32c-17.67 0-32 14.33-32 32v32c0 17.67 14.33 32 32 32h144v144c0 17.67 14.33 32 32 32h32c17.67 0 32-14.33 32-32V304h144c17.67 0 32-14.33 32-32v-32c0-17.67-14.33-32-32-32z\"><\/path><\/svg><\/span>\n\t\t\t\t\t\t\t\t<span class=\"elementor-accordion-icon-opened\"><svg class=\"e-font-icon-svg e-fas-minus\" viewBox=\"0 0 448 512\" xmlns=\"http:\/\/www.w3.org\/2000\/svg\"><path d=\"M416 208H32c-17.67 0-32 14.33-32 32v32c0 17.67 14.33 32 32 32h384c17.67 0 32-14.33 32-32v-32c0-17.67-14.33-32-32-32z\"><\/path><\/svg><\/span>\n\t\t\t\t\t\t\t\t\t\t\t\t\t\t<\/span>\n\t\t\t\t\t\t\t\t\t\t\t\t<a class=\"elementor-accordion-title\" tabindex=\"0\">\u00bfQu\u00e9 es un sistema de informaci\u00f3n?<\/a>\n\t\t\t\t\t<\/div>\n\t\t\t\t\t<div id=\"elementor-tab-content-1206\" class=\"elementor-tab-content elementor-clearfix\" data-tab=\"6\" role=\"region\" aria-labelledby=\"elementor-tab-title-1206\"><p>Se trata de un conjunto de componentes interconectados que trabajan juntos para recopilar, procesar, almacenar y difundir datos con un prop\u00f3sito espec\u00edfico. Estos componentes pueden incluir hardware (como computadoras, servidores, equipos de almacenamiento, etc.), software (como sistemas operativos, aplicaciones, bases de datos, etc.) y datos (como informaci\u00f3n sobre clientes, productos, transacciones, etc.). El objetivo de un sistema de informaci\u00f3n es ayudar a las empresas y organizaciones a tomar decisiones proporcionando informaci\u00f3n precisa y actualizada.  <\/p>\n<p><a href=\"https:\/\/adequasys.com\/fr\/sirh\/systeme-dinformation-definition-fonctionnement-et-explications\/\">Fuente<\/a><\/p>\n<\/div>\n\t\t\t\t<\/div>\n\t\t\t\t\t\t\t<div class=\"elementor-accordion-item\">\n\t\t\t\t\t<div id=\"elementor-tab-title-1207\" class=\"elementor-tab-title\" data-tab=\"7\" role=\"button\" aria-controls=\"elementor-tab-content-1207\" aria-expanded=\"false\">\n\t\t\t\t\t\t\t\t\t\t\t\t\t<span class=\"elementor-accordion-icon elementor-accordion-icon-left\" aria-hidden=\"true\">\n\t\t\t\t\t\t\t\t\t\t\t\t\t\t\t<span class=\"elementor-accordion-icon-closed\"><svg class=\"e-font-icon-svg e-fas-plus\" viewBox=\"0 0 448 512\" xmlns=\"http:\/\/www.w3.org\/2000\/svg\"><path d=\"M416 208H272V64c0-17.67-14.33-32-32-32h-32c-17.67 0-32 14.33-32 32v144H32c-17.67 0-32 14.33-32 32v32c0 17.67 14.33 32 32 32h144v144c0 17.67 14.33 32 32 32h32c17.67 0 32-14.33 32-32V304h144c17.67 0 32-14.33 32-32v-32c0-17.67-14.33-32-32-32z\"><\/path><\/svg><\/span>\n\t\t\t\t\t\t\t\t<span class=\"elementor-accordion-icon-opened\"><svg class=\"e-font-icon-svg e-fas-minus\" viewBox=\"0 0 448 512\" xmlns=\"http:\/\/www.w3.org\/2000\/svg\"><path d=\"M416 208H32c-17.67 0-32 14.33-32 32v32c0 17.67 14.33 32 32 32h384c17.67 0 32-14.33 32-32v-32c0-17.67-14.33-32-32-32z\"><\/path><\/svg><\/span>\n\t\t\t\t\t\t\t\t\t\t\t\t\t\t<\/span>\n\t\t\t\t\t\t\t\t\t\t\t\t<a class=\"elementor-accordion-title\" tabindex=\"0\">\u00bfQu\u00e9 es el Gran Caribe, OECO, CARICOM, CARIFORUM, AEC?<\/a>\n\t\t\t\t\t<\/div>\n\t\t\t\t\t<div id=\"elementor-tab-content-1207\" class=\"elementor-tab-content elementor-clearfix\" data-tab=\"7\" role=\"region\" aria-labelledby=\"elementor-tab-title-1207\"><p>Las negociaciones comienzan en 1953 y culminan en 1958 con la creaci\u00f3n de la Federaci\u00f3n de las Indias Occidentales entre diez pa\u00edses de la Commonwealth brit\u00e1nica: Trinidad y Tobago, Barbados, San Vicente y las Granadinas, Granada, Santa Luc\u00eda, Dominica, Antigua y Barbuda, San Crist\u00f3bal y Nieves, Montserrat y Jamaica. <\/p>\n<p>Despu\u00e9s de la independencia de las principales islas de habla inglesa en 1962 (Jamaica y Trinidad), la Federaci\u00f3n se disuelve y se sientan las bases para la creaci\u00f3n de un mercado com\u00fan en el Caribe. El proyecto se llevar\u00e1 a cabo en dos fases: primero, la creaci\u00f3n del CARIFTA (Asociaci\u00f3n de Libre Comercio del Caribe &#8211; 1965\/1972), y luego su reemplazo por el CARICOM en 1972. <\/p>\n<p>El Tratado de Chaguaramas del 4 de julio de 19734 contiene en realidad dos acuerdos:<\/p>\n<ul>\n<li>Un acuerdo que establece la Comunidad del Caribe;<\/li>\n<li>Un acuerdo que establece el Mercado Com\u00fan del Caribe y crea los instrumentos de integraci\u00f3n econ\u00f3mica.<\/li>\n<\/ul>\n<p>En 1966 se dio un nuevo paso con la firma del Tratado de Basseterre (capital de St-Kitts-y-Nevis) firmado el 18 de junio de 1981 creando la Organizaci\u00f3n de Estados del Caribe Oriental (en ingl\u00e9s la OECO: Organization of Eastern Caribbean Estados). La OECO pretende organizar una mejor consideraci\u00f3n de los problemas de desarrollo espec\u00edficos de los pa\u00edses muy peque\u00f1os mediante la asistencia y la puesta en com\u00fan de recursos (representaci\u00f3n exterior, gesti\u00f3n de una moneda com\u00fan -el d\u00f3lar de la CE- por el Banco Central del Caribe Oriental, asesoramiento sobre el desarrollo de la ECSEDA ( Agencia de Desarrollo de Exportaciones de los Estados Unidos). <\/p>\n<p>Un a\u00f1o despu\u00e9s de la creaci\u00f3n de la OECS, el CBI (Caribbean Basin Initiative), que se convertir\u00eda en 1983 en el CBEREA (Caribbean Basin Economic Recovery Act). Destinado a los 24 pa\u00edses de la cuenca del Caribe, excluyendo a Cuba, Nicaragua, Puerto Rico y Colombia, el CBI consiste principalmente en la eliminaci\u00f3n de aranceles para los productos del Caribe que ingresan a los Estados Unidos. Desde una perspectiva geopol\u00edtica, el CBI puede considerarse como una contraofensiva estadounidense al proyecto de integraci\u00f3n caribe\u00f1a.  <\/p>\n<p>Haci\u00e9ndose eco de la iniciativa estadounidense, Canad\u00e1 propone un acuerdo del mismo tipo a 26 pa\u00edses de la cuenca destinado a promover el comercio entre Canad\u00e1 y los pa\u00edses de la CARICOM. Se trata del CARIBCAN (Acuerdo Comercial Caribe-Canad\u00e1) anunciado en febrero de 1986. <\/p>\n<p>La apertura prevista en el art\u00edculo 3 &amp; 2 del Tratado de Chaguaramas se lleva a cabo de manera muy amplia a partir de la d\u00e9cada de 1990. Se realiza primero con el esp\u00edritu de coordinar las relaciones con otras entidades regionales: es el CARIFORUM (Caribbean Forum) creado en octubre de 1992 y que re\u00fane a los pa\u00edses independientes del Caribe firmantes del Convenio de Lom\u00e9 que vincula a los pa\u00edses ACP con la Uni\u00f3n Europea. El CARICOM, para no quedarse atr\u00e1s, multiplicar\u00e1 las aperturas hacia Jap\u00f3n, Espa\u00f1a, Chile y Sud\u00e1frica (1999) y aumentar\u00e1 los acuerdos y convenios con pa\u00edses u organismos terceros.  <\/p>\n<p>La AEC re\u00fane a 25 pa\u00edses de la cuenca del Caribe, entre ellos Cuba y M\u00e9xico; lo que permite la intersecci\u00f3n de varios organismos de cooperaci\u00f3n entre ellos el CARIFORUM, el mercado com\u00fan centroamericano (Costa Rica, Salvador, Guatemala, Honduras, Nicaragua), el Grupo de los Tres (Colombia, M\u00e9xico y Venezuela) al que hay que sumar los 5 miembros asociados ( Aruba, Francia bajo la Guayana Francesa, Guadalupe, Martinica y las Antillas Neerlandesas). La AEC tiene como objetivo desarrollar la consulta intergubernamental, para trabajar en el establecimiento y promoci\u00f3n del Gran Caribe, un espacio de intercambio y colaboraci\u00f3n en los campos comercial, financiero, cultural, cient\u00edfico, pol\u00edtico y tecnol\u00f3gico. <\/p>\n<p>La existencia reconocida de un \u201cGran Caribe\u201d ya no parece estar en duda hoy. Los mecanismos desarrollados al interior de las diferentes instancias participan cada uno en el \u00e1rea que les concierne en la construcci\u00f3n de la comunidad caribe\u00f1a. <\/p>\n<p><img loading=\"lazy\" decoding=\"async\" class=\"alignnone wp-image-2278 size-large\" src=\"https:\/\/cambionet.usts.fr\/wp-content\/uploads\/2023\/11\/caraibe-faq-1024x480.jpg\" alt=\"preguntas frecuentes sobre el caribe\" width=\"800\" height=\"375\" srcset=\"https:\/\/cambionet.usts.fr\/wp-content\/uploads\/2023\/11\/caraibe-faq-1024x480.jpg 1024w, https:\/\/cambionet.usts.fr\/wp-content\/uploads\/2023\/11\/caraibe-faq-300x141.jpg 300w, https:\/\/cambionet.usts.fr\/wp-content\/uploads\/2023\/11\/caraibe-faq-768x360.jpg 768w, https:\/\/cambionet.usts.fr\/wp-content\/uploads\/2023\/11\/caraibe-faq-1536x720.jpg 1536w, https:\/\/cambionet.usts.fr\/wp-content\/uploads\/2023\/11\/caraibe-faq.jpg 1908w\" sizes=\"(max-width: 800px) 100vw, 800px\" \/><\/p>\n<\/div>\n\t\t\t\t<\/div>\n\t\t\t\t\t\t\t\t<\/div>\n\t\t\t\t\t\t<\/div>\n\t\t\t\t<\/div>\n\t\t\t\t\t<\/div>\n\t\t\t\t<\/div>\n\t\t<div class=\"elementor-element elementor-element-a54a3f6 e-flex e-con-boxed e-con e-parent\" data-id=\"a54a3f6\" data-element_type=\"container\" data-e-type=\"container\" data-settings=\"{&quot;background_background&quot;:&quot;classic&quot;}\">\n\t\t\t\t\t<div class=\"e-con-inner\">\n\t\t\t\t<div class=\"elementor-element elementor-element-d3bdb29 elementor-widget elementor-widget-image-carousel\" data-id=\"d3bdb29\" data-element_type=\"widget\" data-e-type=\"widget\" data-settings=\"{&quot;slides_to_show&quot;:&quot;5&quot;,&quot;navigation&quot;:&quot;none&quot;,&quot;autoplay&quot;:&quot;yes&quot;,&quot;pause_on_hover&quot;:&quot;yes&quot;,&quot;pause_on_interaction&quot;:&quot;yes&quot;,&quot;autoplay_speed&quot;:5000,&quot;infinite&quot;:&quot;yes&quot;,&quot;speed&quot;:500}\" data-widget_type=\"image-carousel.default\">\n\t\t\t\t<div class=\"elementor-widget-container\">\n\t\t\t\t\t\t\t<div class=\"elementor-image-carousel-wrapper swiper\" role=\"region\" aria-roledescription=\"carousel\" aria-label=\"Carrusel de im\u00e1genes\" dir=\"ltr\">\n\t\t\t<div class=\"elementor-image-carousel swiper-wrapper\" aria-live=\"off\">\n\t\t\t\t\t\t\t\t<div class=\"swiper-slide\" role=\"group\" aria-roledescription=\"slide\" aria-label=\"1 de 19\"><figure class=\"swiper-slide-inner\"><img decoding=\"async\" class=\"swiper-slide-image\" src=\"https:\/\/cambionet.usts.fr\/wp-content\/uploads\/2023\/11\/universite-des-antilles.png\" alt=\"universite des antilles - cambionet partenaire\" \/><\/figure><\/div><div class=\"swiper-slide\" role=\"group\" aria-roledescription=\"slide\" aria-label=\"2 de 19\"><figure class=\"swiper-slide-inner\"><img decoding=\"async\" class=\"swiper-slide-image\" src=\"https:\/\/cambionet.usts.fr\/wp-content\/uploads\/2023\/11\/inrae.png\" alt=\"inrae - cambionet partenaire\" \/><\/figure><\/div><div class=\"swiper-slide\" role=\"group\" aria-roledescription=\"slide\" aria-label=\"3 de 19\"><figure class=\"swiper-slide-inner\"><img decoding=\"async\" class=\"swiper-slide-image\" src=\"https:\/\/cambionet.usts.fr\/wp-content\/uploads\/2023\/11\/interreg-cambionet-logo-150x150.png\" alt=\"cambionet partenaire\" \/><\/figure><\/div><div class=\"swiper-slide\" role=\"group\" aria-roledescription=\"slide\" aria-label=\"4 de 19\"><figure class=\"swiper-slide-inner\"><img decoding=\"async\" class=\"swiper-slide-image\" src=\"https:\/\/cambionet.usts.fr\/wp-content\/uploads\/2023\/11\/aac.png\" alt=\"AAC - cambionet partenaire\" \/><\/figure><\/div><div class=\"swiper-slide\" role=\"group\" aria-roledescription=\"slide\" aria-label=\"5 de 19\"><figure class=\"swiper-slide-inner\"><img decoding=\"async\" class=\"swiper-slide-image\" src=\"https:\/\/cambionet.usts.fr\/wp-content\/uploads\/2023\/11\/UWI-2023-2-150x150.png\" alt=\"UWI - cambionet partenaire\" \/><\/figure><\/div><div class=\"swiper-slide\" role=\"group\" aria-roledescription=\"slide\" aria-label=\"6 de 19\"><figure class=\"swiper-slide-inner\"><img decoding=\"async\" class=\"swiper-slide-image\" src=\"https:\/\/cambionet.usts.fr\/wp-content\/uploads\/2023\/11\/ecs.png\" alt=\"OECS - cambionet partenaire\" \/><\/figure><\/div><div class=\"swiper-slide\" role=\"group\" aria-roledescription=\"slide\" aria-label=\"7 de 19\"><figure class=\"swiper-slide-inner\"><img decoding=\"async\" class=\"swiper-slide-image\" src=\"https:\/\/cambionet.usts.fr\/wp-content\/uploads\/2023\/11\/Indessa-large-150x150.png\" alt=\"Indessa-large\" \/><\/figure><\/div><div class=\"swiper-slide\" role=\"group\" aria-roledescription=\"slide\" aria-label=\"8 de 19\"><figure class=\"swiper-slide-inner\"><img decoding=\"async\" class=\"swiper-slide-image\" src=\"https:\/\/cambionet.usts.fr\/wp-content\/uploads\/2023\/11\/cardi-150x150.png\" alt=\"Cardi - cambionet partenaire\" \/><\/figure><\/div><div class=\"swiper-slide\" role=\"group\" aria-roledescription=\"slide\" aria-label=\"9 de 19\"><figure class=\"swiper-slide-inner\"><img decoding=\"async\" class=\"swiper-slide-image\" src=\"https:\/\/cambionet.usts.fr\/wp-content\/uploads\/2023\/11\/IDIAF-150x150.png\" alt=\"IDIAF\" \/><\/figure><\/div><div class=\"swiper-slide\" role=\"group\" aria-roledescription=\"slide\" aria-label=\"10 de 19\"><figure class=\"swiper-slide-inner\"><img decoding=\"async\" class=\"swiper-slide-image\" src=\"https:\/\/cambionet.usts.fr\/wp-content\/uploads\/2023\/11\/areca-150x150.png\" alt=\"areca\" \/><\/figure><\/div><div class=\"swiper-slide\" role=\"group\" aria-roledescription=\"slide\" aria-label=\"11 de 19\"><figure class=\"swiper-slide-inner\"><img decoding=\"async\" class=\"swiper-slide-image\" src=\"https:\/\/cambionet.usts.fr\/wp-content\/uploads\/2023\/11\/LogoGDI-RVB-couleur-ROND-150x150.png\" alt=\"LogoGDI-RVB-couleur-ROND\" \/><\/figure><\/div><div class=\"swiper-slide\" role=\"group\" aria-roledescription=\"slide\" aria-label=\"12 de 19\"><figure class=\"swiper-slide-inner\"><img decoding=\"async\" class=\"swiper-slide-image\" src=\"https:\/\/cambionet.usts.fr\/wp-content\/uploads\/2023\/11\/chambre-agriculture-martinique-150x150.png\" alt=\"chambre agriculture martinique\" \/><\/figure><\/div><div class=\"swiper-slide\" role=\"group\" aria-roledescription=\"slide\" aria-label=\"13 de 19\"><figure class=\"swiper-slide-inner\"><img decoding=\"async\" class=\"swiper-slide-image\" src=\"https:\/\/cambionet.usts.fr\/wp-content\/uploads\/2024\/01\/chambre-agriculture-guadeloupe-150x150.jpg\" alt=\"chambre agriculture guadeloupe\" \/><\/figure><\/div><div class=\"swiper-slide\" role=\"group\" aria-roledescription=\"slide\" aria-label=\"14 de 19\"><figure class=\"swiper-slide-inner\"><img decoding=\"async\" class=\"swiper-slide-image\" src=\"https:\/\/cambionet.usts.fr\/wp-content\/uploads\/2023\/11\/Fredon-martinique-150x150.png\" alt=\"Fredon martinique\" \/><\/figure><\/div><div class=\"swiper-slide\" role=\"group\" aria-roledescription=\"slide\" aria-label=\"15 de 19\"><figure class=\"swiper-slide-inner\"><img decoding=\"async\" class=\"swiper-slide-image\" src=\"https:\/\/cambionet.usts.fr\/wp-content\/uploads\/2023\/11\/University-of-Suriname-150x150.gif\" alt=\"University-of-Suriname\" \/><\/figure><\/div><div class=\"swiper-slide\" role=\"group\" aria-roledescription=\"slide\" aria-label=\"16 de 19\"><figure class=\"swiper-slide-inner\"><img decoding=\"async\" class=\"swiper-slide-image\" src=\"https:\/\/cambionet.usts.fr\/wp-content\/uploads\/2023\/11\/HEIFER-150x150.png\" alt=\"HEIFER\" \/><\/figure><\/div><div class=\"swiper-slide\" role=\"group\" aria-roledescription=\"slide\" aria-label=\"17 de 19\"><figure class=\"swiper-slide-inner\"><img decoding=\"async\" class=\"swiper-slide-image\" src=\"https:\/\/cambionet.usts.fr\/wp-content\/uploads\/2023\/11\/ADAG-150x147.png\" alt=\"ADAG\" \/><\/figure><\/div><div class=\"swiper-slide\" role=\"group\" aria-roledescription=\"slide\" aria-label=\"18 de 19\"><figure class=\"swiper-slide-inner\"><img decoding=\"async\" class=\"swiper-slide-image\" src=\"https:\/\/cambionet.usts.fr\/wp-content\/uploads\/2023\/11\/APECA-150x150.jpg\" alt=\"APECA\" \/><\/figure><\/div><div class=\"swiper-slide\" role=\"group\" aria-roledescription=\"slide\" aria-label=\"19 de 19\"><figure class=\"swiper-slide-inner\"><img decoding=\"async\" class=\"swiper-slide-image\" src=\"https:\/\/cambionet.usts.fr\/wp-content\/uploads\/2023\/11\/INCA-150x150.png\" alt=\"INCA\" \/><\/figure><\/div>\t\t\t<\/div>\n\t\t\t\t\t\t\t\n\t\t\t\t\t\t\t\t\t<\/div>\n\t\t\t\t\t\t<\/div>\n\t\t\t\t<\/div>\n\t\t\t\t\t<\/div>\n\t\t\t\t<\/div>\n\t\t<div class=\"elementor-element elementor-element-b4d53e1 e-con-full e-flex e-con e-parent\" data-id=\"b4d53e1\" data-element_type=\"container\" data-e-type=\"container\" data-settings=\"{&quot;background_background&quot;:&quot;classic&quot;}\">\n\t\t<div class=\"elementor-element elementor-element-f4ca221 e-con-full e-flex e-con e-child\" data-id=\"f4ca221\" data-element_type=\"container\" data-e-type=\"container\">\n\t\t\t\t<div class=\"elementor-element elementor-element-d439577 elementor-widget__width-initial elementor-widget elementor-widget-text-editor\" data-id=\"d439577\" data-element_type=\"widget\" data-e-type=\"widget\" data-widget_type=\"text-editor.default\">\n\t\t\t\t<div class=\"elementor-widget-container\">\n\t\t\t\t\t\t\t\t\t<h4><span style=\"color: #ffffff;\"><strong>CONT\u00c1CTENOS<\/strong> <\/span><\/h4>\n<p><span style=\"color: #ffffff;\">Estimados internautas, les agradecemos su inter\u00e9s en nuestro trabajo realizado en el marco del proyecto CambioNet (Interreg V Caribe).<\/span><\/p>\n<p><span style=\"color: #ffffff;\">Para cualquier duda o consulta, puede contactar con nosotros en la siguiente direcci\u00f3n: <a style=\"color: #ffffff;\" href=\"mailto:harry.ozier-lafontaine@inrae.fr\">harry.ozier-lafontaine@inrae.fr<\/a><\/span><\/p>\n\t\t\t\t\t\t\t\t<\/div>\n\t\t\t\t<\/div>\n\t\t\t\t<div class=\"elementor-element elementor-element-6c97af0 elementor-widget__width-initial elementor-widget elementor-widget-text-editor\" data-id=\"6c97af0\" data-element_type=\"widget\" data-e-type=\"widget\" data-widget_type=\"text-editor.default\">\n\t\t\t\t<div class=\"elementor-widget-container\">\n\t\t\t\t\t\t\t\t\t<p><span style=\"color: #ffffff;\">(590) 690 39 82 83<br \/><\/span><\/p>\n\t\t\t\t\t\t\t\t<\/div>\n\t\t\t\t<\/div>\n\t\t\t\t<\/div>\n\t\t\t\t<div class=\"elementor-element elementor-element-4ba289a elementor-button-align-stretch elementor-widget elementor-widget-form\" data-id=\"4ba289a\" data-element_type=\"widget\" data-e-type=\"widget\" data-settings=\"{&quot;step_next_label&quot;:&quot;Pr\\u00f3ximo&quot;,&quot;step_previous_label&quot;:&quot;Anterior&quot;,&quot;button_width&quot;:&quot;100&quot;,&quot;step_type&quot;:&quot;number_text&quot;,&quot;step_icon_shape&quot;:&quot;circle&quot;}\" data-widget_type=\"form.default\">\n\t\t\t\t<div class=\"elementor-widget-container\">\n\t\t\t\t\t\t\t<form class=\"elementor-form\" method=\"post\" name=\"Nueva forma\" aria-label=\"Nueva forma\">\n\t\t\t<input type=\"hidden\" name=\"post_id\" value=\"4650\"\/>\n\t\t\t<input type=\"hidden\" name=\"form_id\" value=\"4ba289a\"\/>\n\t\t\t<input type=\"hidden\" name=\"referer_title\" value=\"Paginal Principal - Cambionet - Cambionet\" \/>\n\n\t\t\t\t\t\t\t<input type=\"hidden\" name=\"queried_id\" value=\"4650\"\/>\n\t\t\t\n\t\t\t<div class=\"elementor-form-fields-wrapper elementor-labels-above\">\n\t\t\t\t\t\t\t\t<div class=\"elementor-field-type-text elementor-field-group elementor-column elementor-field-group-name elementor-col-100 elementor-field-required elementor-mark-required\">\n\t\t\t\t\t\t\t\t\t\t\t\t<label for=\"form-field-name\" class=\"elementor-field-label\">\n\t\t\t\t\t\t\t\tApellido y Nombre\t\t\t\t\t\t\t<\/label>\n\t\t\t\t\t\t\t\t\t\t\t\t\t\t<input size=\"1\" type=\"text\" name=\"form_fields[name]\" id=\"form-field-name\" class=\"elementor-field elementor-size-sm  elementor-field-textual\" placeholder=\"Apellido y Nombre\" required=\"required\">\n\t\t\t\t\t\t\t\t\t\t\t<\/div>\n\t\t\t\t\t\t\t\t<div class=\"elementor-field-type-email elementor-field-group elementor-column elementor-field-group-email elementor-col-100 elementor-field-required elementor-mark-required\">\n\t\t\t\t\t\t\t\t\t\t\t\t<label for=\"form-field-email\" class=\"elementor-field-label\">\n\t\t\t\t\t\t\t\tE-mail\t\t\t\t\t\t\t<\/label>\n\t\t\t\t\t\t\t\t\t\t\t\t\t\t<input size=\"1\" type=\"email\" name=\"form_fields[email]\" id=\"form-field-email\" class=\"elementor-field elementor-size-sm  elementor-field-textual\" placeholder=\"E-mail\" required=\"required\">\n\t\t\t\t\t\t\t\t\t\t\t<\/div>\n\t\t\t\t\t\t\t\t<div class=\"elementor-field-type-textarea elementor-field-group elementor-column elementor-field-group-message elementor-col-100 elementor-field-required elementor-mark-required\">\n\t\t\t\t\t\t\t\t\t\t\t\t<label for=\"form-field-message\" class=\"elementor-field-label\">\n\t\t\t\t\t\t\t\tMensaje\t\t\t\t\t\t\t<\/label>\n\t\t\t\t\t\t<textarea class=\"elementor-field-textual elementor-field  elementor-size-sm\" name=\"form_fields[message]\" id=\"form-field-message\" rows=\"4\" placeholder=\"Mensaje\" required=\"required\"><\/textarea>\t\t\t\t<\/div>\n\t\t\t\t\t\t\t\t<div class=\"elementor-field-group elementor-column elementor-field-type-submit elementor-col-100 e-form__buttons\">\n\t\t\t\t\t<button class=\"elementor-button elementor-size-sm\" type=\"submit\">\n\t\t\t\t\t\t<span class=\"elementor-button-content-wrapper\">\n\t\t\t\t\t\t\t\t\t\t\t\t\t\t\t\t\t\t\t\t\t\t<span class=\"elementor-button-text\">Enviar a<\/span>\n\t\t\t\t\t\t\t\t\t\t\t\t\t<\/span>\n\t\t\t\t\t<\/button>\n\t\t\t\t<\/div>\n\t\t\t<\/div>\n\t\t<\/form>\n\t\t\t\t\t\t<\/div>\n\t\t\t\t<\/div>\n\t\t\t\t<\/div>\n\t\t\t\t<\/div>\n\t\t","protected":false},"excerpt":{"rendered":"<p>CAMBIONET La bioeconom\u00eda al servicio de la modernizaci\u00f3n sostenible del sector agr\u00edcola y alimentario por la valorizaci\u00f3n de la biomasa en la Cuenca del Caribe\/Amazon\u00eda. INTERREG CambioNet es un proyecto de 6 millones de euros cofinanciado por el Programa Interreg V Caribe en el marco del Fondo Europeo de Desarrollo Regional (FEDER), el Fondo Europeo [&hellip;]<\/p>\n","protected":false},"author":6,"featured_media":0,"parent":0,"menu_order":0,"comment_status":"closed","ping_status":"closed","template":"elementor_header_footer","meta":{"footnotes":""},"class_list":["post-4650","page","type-page","status-publish","hentry"],"yoast_head":"<!-- This site is optimized with the Yoast SEO plugin v27.5 - https:\/\/yoast.com\/product\/yoast-seo-wordpress\/ -->\n<title>Paginal Principal - Cambionet - Cambionet<\/title>\n<meta name=\"description\" content=\"INTERREG CambioNet es un proyecto de 8 millones de euros cofinanciado por el Programa Interreg V en el marco del FEDER.\" \/>\n<meta name=\"robots\" content=\"noindex, follow, max-snippet:-1, max-image-preview:large, max-video-preview:-1\" \/>\n<meta property=\"og:locale\" content=\"es_ES\" \/>\n<meta property=\"og:type\" content=\"article\" \/>\n<meta property=\"og:title\" content=\"Paginal Principal - Cambionet - Cambionet\" \/>\n<meta property=\"og:description\" content=\"INTERREG CambioNet es un proyecto de 8 millones de euros cofinanciado por el Programa Interreg V en el marco del FEDER.\" \/>\n<meta property=\"og:url\" content=\"https:\/\/cambionet.usts.fr\/es\/\" \/>\n<meta property=\"og:site_name\" content=\"Cambionet\" \/>\n<meta property=\"article:modified_time\" content=\"2024-02-28T16:28:21+00:00\" \/>\n<meta property=\"og:image\" content=\"https:\/\/cambionet.usts.fr\/wp-content\/uploads\/2023\/11\/finance-par-europe.svg\" \/>\n<meta name=\"twitter:card\" content=\"summary_large_image\" \/>\n<meta name=\"twitter:label1\" content=\"Tiempo de lectura\" \/>\n\t<meta name=\"twitter:data1\" content=\"11 minutos\" \/>\n<script type=\"application\/ld+json\" class=\"yoast-schema-graph\">{\"@context\":\"https:\\\/\\\/schema.org\",\"@graph\":[{\"@type\":\"WebPage\",\"@id\":\"https:\\\/\\\/cambionet.usts.fr\\\/es\\\/\",\"url\":\"https:\\\/\\\/cambionet.usts.fr\\\/es\\\/\",\"name\":\"Paginal Principal - Cambionet - Cambionet\",\"isPartOf\":{\"@id\":\"https:\\\/\\\/cambionet.usts.fr\\\/es\\\/#website\"},\"primaryImageOfPage\":{\"@id\":\"https:\\\/\\\/cambionet.usts.fr\\\/es\\\/#primaryimage\"},\"image\":{\"@id\":\"https:\\\/\\\/cambionet.usts.fr\\\/es\\\/#primaryimage\"},\"thumbnailUrl\":\"https:\\\/\\\/cambionet.usts.fr\\\/wp-content\\\/uploads\\\/2023\\\/11\\\/finance-par-europe.svg\",\"datePublished\":\"2024-01-30T14:32:02+00:00\",\"dateModified\":\"2024-02-28T16:28:21+00:00\",\"description\":\"INTERREG CambioNet es un proyecto de 8 millones de euros cofinanciado por el Programa Interreg V en el marco del FEDER.\",\"breadcrumb\":{\"@id\":\"https:\\\/\\\/cambionet.usts.fr\\\/es\\\/#breadcrumb\"},\"inLanguage\":\"es\",\"potentialAction\":[{\"@type\":\"ReadAction\",\"target\":[\"https:\\\/\\\/cambionet.usts.fr\\\/es\\\/\"]}]},{\"@type\":\"ImageObject\",\"inLanguage\":\"es\",\"@id\":\"https:\\\/\\\/cambionet.usts.fr\\\/es\\\/#primaryimage\",\"url\":\"https:\\\/\\\/cambionet.usts.fr\\\/wp-content\\\/uploads\\\/2023\\\/11\\\/finance-par-europe.svg\",\"contentUrl\":\"https:\\\/\\\/cambionet.usts.fr\\\/wp-content\\\/uploads\\\/2023\\\/11\\\/finance-par-europe.svg\"},{\"@type\":\"BreadcrumbList\",\"@id\":\"https:\\\/\\\/cambionet.usts.fr\\\/es\\\/#breadcrumb\",\"itemListElement\":[{\"@type\":\"ListItem\",\"position\":1,\"name\":\"Home\",\"item\":\"https:\\\/\\\/cambionet.usts.fr\\\/es\\\/paginal-principal-cambionet\\\/\"},{\"@type\":\"ListItem\",\"position\":2,\"name\":\"Paginal Principal &#8211; Cambionet\"}]},{\"@type\":\"WebSite\",\"@id\":\"https:\\\/\\\/cambionet.usts.fr\\\/es\\\/#website\",\"url\":\"https:\\\/\\\/cambionet.usts.fr\\\/es\\\/\",\"name\":\"Cambionet\",\"description\":\"\",\"publisher\":{\"@id\":\"https:\\\/\\\/cambionet.usts.fr\\\/es\\\/#organization\"},\"potentialAction\":[{\"@type\":\"SearchAction\",\"target\":{\"@type\":\"EntryPoint\",\"urlTemplate\":\"https:\\\/\\\/cambionet.usts.fr\\\/es\\\/?s={search_term_string}\"},\"query-input\":{\"@type\":\"PropertyValueSpecification\",\"valueRequired\":true,\"valueName\":\"search_term_string\"}}],\"inLanguage\":\"es\"},{\"@type\":\"Organization\",\"@id\":\"https:\\\/\\\/cambionet.usts.fr\\\/es\\\/#organization\",\"name\":\"Cambionet\",\"url\":\"https:\\\/\\\/cambionet.usts.fr\\\/es\\\/\",\"logo\":{\"@type\":\"ImageObject\",\"inLanguage\":\"es\",\"@id\":\"https:\\\/\\\/cambionet.usts.fr\\\/es\\\/#\\\/schema\\\/logo\\\/image\\\/\",\"url\":\"https:\\\/\\\/cambionet.usts.fr\\\/wp-content\\\/uploads\\\/2023\\\/10\\\/combi_aligne__fond_blanc_-removebg-preview.png\",\"contentUrl\":\"https:\\\/\\\/cambionet.usts.fr\\\/wp-content\\\/uploads\\\/2023\\\/10\\\/combi_aligne__fond_blanc_-removebg-preview.png\",\"width\":1043,\"height\":210,\"caption\":\"Cambionet\"},\"image\":{\"@id\":\"https:\\\/\\\/cambionet.usts.fr\\\/es\\\/#\\\/schema\\\/logo\\\/image\\\/\"}}]}<\/script>\n<!-- \/ Yoast SEO plugin. -->","yoast_head_json":{"title":"Paginal Principal - Cambionet - Cambionet","description":"INTERREG CambioNet es un proyecto de 8 millones de euros cofinanciado por el Programa Interreg V en el marco del FEDER.","robots":{"index":"noindex","follow":"follow","max-snippet":"max-snippet:-1","max-image-preview":"max-image-preview:large","max-video-preview":"max-video-preview:-1"},"og_locale":"es_ES","og_type":"article","og_title":"Paginal Principal - Cambionet - Cambionet","og_description":"INTERREG CambioNet es un proyecto de 8 millones de euros cofinanciado por el Programa Interreg V en el marco del FEDER.","og_url":"https:\/\/cambionet.usts.fr\/es\/","og_site_name":"Cambionet","article_modified_time":"2024-02-28T16:28:21+00:00","og_image":[{"url":"https:\/\/cambionet.usts.fr\/wp-content\/uploads\/2023\/11\/finance-par-europe.svg","type":"","width":"","height":""}],"twitter_card":"summary_large_image","twitter_misc":{"Tiempo de lectura":"11 minutos"},"schema":{"@context":"https:\/\/schema.org","@graph":[{"@type":"WebPage","@id":"https:\/\/cambionet.usts.fr\/es\/","url":"https:\/\/cambionet.usts.fr\/es\/","name":"Paginal Principal - Cambionet - Cambionet","isPartOf":{"@id":"https:\/\/cambionet.usts.fr\/es\/#website"},"primaryImageOfPage":{"@id":"https:\/\/cambionet.usts.fr\/es\/#primaryimage"},"image":{"@id":"https:\/\/cambionet.usts.fr\/es\/#primaryimage"},"thumbnailUrl":"https:\/\/cambionet.usts.fr\/wp-content\/uploads\/2023\/11\/finance-par-europe.svg","datePublished":"2024-01-30T14:32:02+00:00","dateModified":"2024-02-28T16:28:21+00:00","description":"INTERREG CambioNet es un proyecto de 8 millones de euros cofinanciado por el Programa Interreg V en el marco del FEDER.","breadcrumb":{"@id":"https:\/\/cambionet.usts.fr\/es\/#breadcrumb"},"inLanguage":"es","potentialAction":[{"@type":"ReadAction","target":["https:\/\/cambionet.usts.fr\/es\/"]}]},{"@type":"ImageObject","inLanguage":"es","@id":"https:\/\/cambionet.usts.fr\/es\/#primaryimage","url":"https:\/\/cambionet.usts.fr\/wp-content\/uploads\/2023\/11\/finance-par-europe.svg","contentUrl":"https:\/\/cambionet.usts.fr\/wp-content\/uploads\/2023\/11\/finance-par-europe.svg"},{"@type":"BreadcrumbList","@id":"https:\/\/cambionet.usts.fr\/es\/#breadcrumb","itemListElement":[{"@type":"ListItem","position":1,"name":"Home","item":"https:\/\/cambionet.usts.fr\/es\/paginal-principal-cambionet\/"},{"@type":"ListItem","position":2,"name":"Paginal Principal &#8211; Cambionet"}]},{"@type":"WebSite","@id":"https:\/\/cambionet.usts.fr\/es\/#website","url":"https:\/\/cambionet.usts.fr\/es\/","name":"Cambionet","description":"","publisher":{"@id":"https:\/\/cambionet.usts.fr\/es\/#organization"},"potentialAction":[{"@type":"SearchAction","target":{"@type":"EntryPoint","urlTemplate":"https:\/\/cambionet.usts.fr\/es\/?s={search_term_string}"},"query-input":{"@type":"PropertyValueSpecification","valueRequired":true,"valueName":"search_term_string"}}],"inLanguage":"es"},{"@type":"Organization","@id":"https:\/\/cambionet.usts.fr\/es\/#organization","name":"Cambionet","url":"https:\/\/cambionet.usts.fr\/es\/","logo":{"@type":"ImageObject","inLanguage":"es","@id":"https:\/\/cambionet.usts.fr\/es\/#\/schema\/logo\/image\/","url":"https:\/\/cambionet.usts.fr\/wp-content\/uploads\/2023\/10\/combi_aligne__fond_blanc_-removebg-preview.png","contentUrl":"https:\/\/cambionet.usts.fr\/wp-content\/uploads\/2023\/10\/combi_aligne__fond_blanc_-removebg-preview.png","width":1043,"height":210,"caption":"Cambionet"},"image":{"@id":"https:\/\/cambionet.usts.fr\/es\/#\/schema\/logo\/image\/"}}]}},"rttpg_featured_image_url":null,"rttpg_author":{"display_name":"Anais Ramalho","author_link":"https:\/\/cambionet.usts.fr\/es\/author\/anais-r\/"},"rttpg_comment":0,"rttpg_category":"","rttpg_excerpt":"CAMBIONET La bioeconom\u00eda al servicio de la modernizaci\u00f3n sostenible del sector agr\u00edcola y alimentario por la valorizaci\u00f3n de la biomasa en la Cuenca del Caribe\/Amazon\u00eda. INTERREG CambioNet es un proyecto de 6 millones de euros cofinanciado por el Programa Interreg V Caribe en el marco del Fondo Europeo de Desarrollo Regional (FEDER), el Fondo Europeo&hellip;","_links":{"self":[{"href":"https:\/\/cambionet.usts.fr\/es\/wp-json\/wp\/v2\/pages\/4650","targetHints":{"allow":["GET"]}}],"collection":[{"href":"https:\/\/cambionet.usts.fr\/es\/wp-json\/wp\/v2\/pages"}],"about":[{"href":"https:\/\/cambionet.usts.fr\/es\/wp-json\/wp\/v2\/types\/page"}],"author":[{"embeddable":true,"href":"https:\/\/cambionet.usts.fr\/es\/wp-json\/wp\/v2\/users\/6"}],"replies":[{"embeddable":true,"href":"https:\/\/cambionet.usts.fr\/es\/wp-json\/wp\/v2\/comments?post=4650"}],"version-history":[{"count":3,"href":"https:\/\/cambionet.usts.fr\/es\/wp-json\/wp\/v2\/pages\/4650\/revisions"}],"predecessor-version":[{"id":4765,"href":"https:\/\/cambionet.usts.fr\/es\/wp-json\/wp\/v2\/pages\/4650\/revisions\/4765"}],"wp:attachment":[{"href":"https:\/\/cambionet.usts.fr\/es\/wp-json\/wp\/v2\/media?parent=4650"}],"curies":[{"name":"wp","href":"https:\/\/api.w.org\/{rel}","templated":true}]}}